{"id":3,"date":"2025-07-30T21:56:55","date_gmt":"2025-07-30T19:56:55","guid":{"rendered":"https:\/\/www.palinkaschef.hu\/?page_id=3"},"modified":"2025-09-19T10:52:10","modified_gmt":"2025-09-19T08:52:10","slug":"adatkezelesi-tajekoztato","status":"publish","type":"page","link":"https:\/\/palinkaschef.hu\/de\/adatkezelesi-tajekoztato\/","title":{"rendered":"Adatkezel\u00e9si t\u00e1j\u00e9koztat\u00f3"},"content":{"rendered":"<div data-elementor-type=\"wp-page\" data-elementor-id=\"3\" class=\"elementor elementor-3\" data-elementor-post-type=\"page\">\n\t\t\t\t<div class=\"elementor-element elementor-element-2a6fee0f e-flex e-con-boxed e-con e-parent\" data-id=\"2a6fee0f\" data-element_type=\"container\" data-e-type=\"container\">\n\t\t\t\t\t<div class=\"e-con-inner\">\n\t\t\t\t<div class=\"elementor-element elementor-element-1170c9e elementor-widget elementor-widget-heading\" data-id=\"1170c9e\" data-element_type=\"widget\" data-e-type=\"widget\" data-widget_type=\"heading.default\">\n\t\t\t\t<div class=\"elementor-widget-container\">\n\t\t\t\t\t<h2 class=\"elementor-heading-title elementor-size-default\">Adatkezel\u00e9si t\u00e1j\u00e9koztat\u00f3<\/h2>\t\t\t\t<\/div>\n\t\t\t\t<\/div>\n\t\t\t\t<div class=\"elementor-element elementor-element-67e903ea elementor-widget elementor-widget-text-editor\" data-id=\"67e903ea\" data-element_type=\"widget\" data-e-type=\"widget\" data-widget_type=\"text-editor.default\">\n\t\t\t\t<div class=\"elementor-widget-container\">\n\t\t\t\t\t\t\t\t\t<p>Die von Ihnen angegebenen personenbezogenen Daten werden verarbeitet von:<\/p><p>Zsolt P\u00e1link\u00e1s, Einzelunternehmer<\/p><p>Hauptsitz: 1203 Budapest, Lajtha L\u00e1szl\u00f3 utca 1. 6\/39.<\/p><p>F\u00fcr Privatpersonen und Einzelunternehmen:<\/p><p>Steuernummer:  58104141-2-43<\/p><p>Registergericht: Industrie- und Handelskammer Budapest  Registergericht \u2013 im Folgenden bezeichnet als:\u00a0<b>Datenverantwortlicher<\/b>.<\/p><p>Bitte lesen Sie diese Datenschutzerkl\u00e4rung sorgf\u00e4ltig durch (im Folgenden:\u00a0<b>Informationen<\/b>), in der wir unsere Praktiken hinsichtlich der Verarbeitung Ihrer personenbezogenen Daten gem\u00e4\u00df der Datenschutz-Grundverordnung (DSGVO, Verordnung (EU) 2016\/679 des Europ\u00e4ischen Parlaments und des Rates) beschreiben. Diese Erkl\u00e4rung richtet sich an Personen, die die Dienste des Datenverantwortlichen als Verbraucher nutzen (<b>Sie<\/b>Es erl\u00e4utert, wie der Datenverantwortliche Ihre personenbezogenen Daten in bestimmten F\u00e4llen erhebt, verwendet und an Dritte weitergibt, und informiert Sie \u00fcber Ihre Rechte als betroffene Person in Bezug auf die Datenverarbeitung.<\/p><p>Der Datenverantwortliche (Impressum) verpflichtet sich, die personenbezogenen Daten und die Privatsph\u00e4re der Besucher dieser Website zu sch\u00fctzen. Diese Informationen und Erkl\u00e4rungen betreffen in erster Linie den vertraulichen Umgang mit und den Schutz der personenbezogenen Daten von Kunden und Newsletter-Abonnenten \u00fcber das Internet, gelten aber auch f\u00fcr Besucher der Website. Wir fassen zusammen, wie der Eigent\u00fcmer Daten \u00fcber Sie erheben und verwenden kann und wie diese verwendet werden k\u00f6nnen. Die Daten werden nicht an unbefugte Personen weitergegeben und werden in der in dieser Information angegebenen Weise verwendet.<\/p><p>In bestimmten F\u00e4llen kann der Zweck der Datenverarbeitung in den Vertr\u00e4gen ge\u00e4ndert werden, wobei dies gem\u00e4\u00df den Bedingungen des jeweiligen Vertrags zu erfolgen hat.<\/p><p>Diese Mitteilung enth\u00e4lt wichtige Informationen zum Schutz Ihrer personenbezogenen Daten und zu Ihren diesbez\u00fcglichen Rechten. Wenn Sie diese Bedingungen nicht akzeptieren, haben Sie das Recht, die Nutzung der Website auszusetzen und das Surfen zu beenden, ohne personenbezogene Daten anzugeben.<\/p><h5><b>VERANTWORTUNG UND VERF\u00dcGBARKEIT DES DATENVERANTWORTLICHEN<\/b><\/h5><p><b>1.1 Informationen zur Datenverarbeitung<\/b><\/p><p>In Bezug auf die in dieser Erkl\u00e4rung beschriebene Datenverarbeitung\u00a0<b>Zsolt P\u00e1link\u00e1s, Einzelunternehmer<\/b>\u00a0der Datenverantwortliche (im Folgenden:\u00a0<b>Datenverantwortlicher<\/b>).<\/p><p>Wenn Sie Anmerkungen, Fragen oder Beschwerden zu unseren Datenschutzverfahren haben, wenden Sie sich bitte an folgende Adressen:\u00a0<b>P\u00e1link\u00e1s Zsolt<\/b>Hauptsitz: 1203 Budapest, Lajtha L\u00e1szl\u00f3 utca 1. 6\/39.\u00a0\u00a0<a style=\"color: #1155cc; font-family: Arial, Helvetica, sans-serif; font-size: small; background-color: #ffffff;\" href=\"mailto:chef@palinkaschef.hu\" target=\"_blank\" rel=\"noopener\">chef@palinkaschef.hu<\/a>\u00a0an Ihre E-Mail-Adresse.<\/p><table><tbody><tr><td><b>Datenverantwortlicher<\/b><\/td><td><b>Verantwortungsbereiche<\/b><\/td><\/tr><tr><td><b>Zsolt P\u00e1link\u00e1s, Einzelunternehmer<\/b><b>Hauptsitz: 1203 Budapest, Lajtha L\u00e1szl\u00f3 utca 1. 6\/39.<\/b><\/td><td>Alle Aktivit\u00e4ten<\/td><\/tr><\/tbody><\/table><p>Je nach Ihrer Wahl haben Sie das Recht, auf unsere Websites zuzugreifen, ohne Ihre personenbezogenen Daten anzugeben. Um jedoch auf den Websites zu surfen, m\u00fcssen Sie die Cookie-Richtlinie akzeptieren, und wenn Sie unseren Newsletter abonnieren, m\u00fcssen Sie die Datenschutzrichtlinie und -erkl\u00e4rung genehmigen. Personenbezogene Daten sind alle Informationen, die sich direkt oder indirekt auf eine nat\u00fcrliche Person beziehen, die anhand einer Identifikationsnummer oder anderer mit dieser Person verbundener Daten identifiziert werden kann. Wenn der Eigent\u00fcmer der Website Ihre personenbezogenen Daten erfasst, erfolgt die Datenerfassung transparent und vertraulich.<\/p><p>Ihre personenbezogenen Daten sind Informationen, mit denen Sie identifiziert werden k\u00f6nnen, wie beispielsweise Ihr Nachname, Vorname, Staatsangeh\u00f6rigkeit, Telefonnummer, Postanschrift und E-Mail-Adresse. Ihre personenbezogenen Daten werden vom Eigent\u00fcmer freiwillig erfasst, wenn Sie die Website besuchen, wobei die zur Erreichung des jeweiligen Zwecks erforderlichen Daten angegeben werden. Wenn Sie diese Daten nicht angeben m\u00f6chten, k\u00f6nnen Sie bestimmte Funktionen und Dienste der Website nicht nutzen. Die Erfassung optionaler Daten dient dazu, die Bed\u00fcrfnisse der Nutzer zu ermitteln und die Website und die Dienste zu verbessern.<\/p><p>Der Eigent\u00fcmer ergreift alle Ma\u00dfnahmen, um sicherzustellen, dass die von ihm verarbeiteten personenbezogenen Daten korrekt und aktuell sind.<\/p><p><b>Die folgenden personenbezogenen Daten werden verarbeitet:<\/b><\/p><ul><li aria-level=\"1\">Nachname, Vorname, Firmenname und Name der Kontaktperson (f\u00fcr Unternehmen)<\/li><li aria-level=\"1\">Sitzadresse (f\u00fcr Unternehmen), Wohnadresse, Postanschrift<\/li><li aria-level=\"1\">an Ihre E-Mail-Adresse.<\/li><li aria-level=\"1\">Telefonnummer<\/li><li aria-level=\"1\">Systeminformationen (IP-Adresse, Systemversion, Aufl\u00f6sung, Statistiken zu den auf der Website aufgerufenen Seiten, Surfgewohnheiten, Verhaltensmuster)<\/li><\/ul><h5><b>Dauer der Datenverarbeitung:<\/b><\/h5><ul><li aria-level=\"1\">In Bezug auf Beitr\u00e4ge f\u00fcr Direktmarketingzwecke, bis der Nutzer seine Einwilligung widerruft.<\/li><li aria-level=\"1\">4 Jahre seit der letzten Anmeldung in Bezug auf die Profildaten<\/li><li aria-level=\"1\">In Bezug auf Kaufdaten 8 Jahre gem\u00e4\u00df \u00a7 169 Abs. 2 des Rechnungslegungsgesetzes.<\/li><\/ul><h5><b>Bedingungen f\u00fcr die Daten\u00fcbertragung<\/b><\/h5><p>Der Datenverantwortliche kann die von ihm verarbeiteten Daten, soweit erforderlich, an von ihm benannte Personen und Unternehmen weitergeben, die in den folgenden Bereichen t\u00e4tig sind:<\/p><ul><li aria-level=\"1\">Datenverarbeitung<\/li><li aria-level=\"1\">Rechtsvertretung<\/li><li aria-level=\"1\">Beh\u00f6rden, die gem\u00e4\u00df dem Gesetz zur Behandlung von Rechtsstreitigkeiten befugt sind<\/li><li aria-level=\"1\">Lieferung<\/li><li aria-level=\"1\">Buchhaltung<\/li><li aria-level=\"1\">Forderungsmanagement<\/li><li aria-level=\"1\">Marketing<\/li><li aria-level=\"1\">Abrechnung<\/li><\/ul><h5><b>Datenverarbeiter<\/b><\/h5><p>Beim Kauf im Online-Shop \u00fcbermittelt der Datenverantwortliche (basierend auf der vom Nutzer angegebenen Liefermethode) den Namen des Nutzers, die Lieferadresse (im Falle eines Kurierdienstes dessen E-Mail-Adresse und Telefonnummer, um den Liefertermin zu vereinbaren) sowie Informationen \u00fcber den Kaufpreis des Produkts (in einigen F\u00e4llen im Voraus bezahlt) an das Lieferunternehmen, damit dieses das Produkt an den Nutzer ausliefern kann.<\/p><h5><b>Unternehmen und Personen, die mit der Datenverarbeitung oder dem Datenmanagement befasst sind<\/b><\/h5><p>Der Eigent\u00fcmer,\u00a0<b>Zsolt P\u00e1link\u00e1s, Einzelunternehmer<\/b>\u00a0f\u00fchrt die Datenverarbeitung durch. Neben dem Eigent\u00fcmer sind auch andere Unternehmen an der Verarbeitung und Speicherung der Daten von Vertragskunden beteiligt.<\/p><h5><b>Welche Unternehmen sind an der Datenverarbeitung beteiligt?<\/b><\/h5><p>Unternehmen, die im Rahmen der T\u00e4tigkeiten des Eigent\u00fcmers an der Datenverarbeitung beteiligt sind:<\/p><p>Alle Dienstleister, bei denen personenbezogene Daten erscheinen, m\u00fcssen aufgef\u00fchrt werden:<\/p><ul><li aria-level=\"1\"><strong>Buchhalter<\/strong>Name: Adresse, Kontaktdaten \u2013 Link zur Datenschutzerkl\u00e4rung<\/li><li aria-level=\"1\"><strong>Hosting-Anbieter<\/strong>: Gyapinet Bt., 1078 Budapest, Cserh\u00e1t utca 17. II\/18, Magyarorsz\u00e1g, \u00a0<span class=\"inserted_var\">info@gyapinet.hu<\/span><\/li><li aria-level=\"1\"><b>Google Inc.<\/b>: 1600 Amphitheatre Parkway, Mountain View, CA 94043, USA,\u00a0<a href=\"https:\/\/www.google.hu\/intl\/hu\/contact\/\" target=\"_blank\" rel=\"noopener\">zus\u00e4tzliche Kontaktdaten<\/a>E-Mail-System, Cloud-Daten- und Dateispeicherung, Online-Dokumentenverwaltung und zugeh\u00f6rige Dienste: Google Drive, Google Docs, Google Search Console, Google Analytics, Google AdSense, Google AdWords, YouTube, Blogger, Chrome-Browser-Support \u2013 Google\u00a0<a href=\"https:\/\/support.google.com\/a\/answer\/60762?hl=en\" target=\"_blank\" rel=\"noopener\">Datenschutz<\/a>\u00a0und\u00a0<a href=\"https:\/\/policies.google.com\/privacy?hl=hu\" target=\"_blank\" rel=\"noopener\">Datenschutzgrunds\u00e4tze<\/a>.<\/li><li aria-level=\"1\"><b>Facebook Ireland Ltd.<\/b>: 4 Grand Canal Square, Grand Canal Harbour, Dublin 2 Irland, Support f\u00fcr Facebook, Instagram, Messenger und andere von Facebook angebotene Produkte und Funktionen \u2013<a href=\"https:\/\/www.facebook.com\/about\/privacy\/update\" target=\"_blank\" rel=\"noopener\">\u00a0Datenverwaltungsrichtlinie<\/a>\u00a0und Datenschutzbeauftragter<a href=\"https:\/\/www.facebook.com\/help\/contact\/540977946302970\" target=\"_blank\" rel=\"noopener\">\u00a0Verf\u00fcgbarkeit.<\/a><\/li><li aria-level=\"1\"><b>Twitter International Company<\/b>: One Cumberland Place, Fenian Street, Dublin 2, D02 AX07 IRELAND, a Twitter \u00e1ltal k\u00edn\u00e1lt term\u00e9kek, funkci\u00f3k haszn\u00e1lata \u2013<a href=\"https:\/\/twitter.com\/en\/privacy\" target=\"_blank\" rel=\"noopener\">\u00a0Datenverwaltungsrichtlinie<\/a>\u00a0und<a href=\"https:\/\/twitter.com\/en\/tos\" target=\"_blank\" rel=\"noopener\">\u00a0AGB<\/a>.<\/li><li aria-level=\"1\">In besonderen F\u00e4llen kann der Vertrag zus\u00e4tzliche Datenverarbeiter oder Unternehmen umfassen.<\/li><\/ul><h5><b>Rechte am Eigentum von Daten und deren Durchsetzung<\/b><\/h5><p>Wenn Sie nicht m\u00f6chten, dass Ihre personenbezogenen Daten f\u00fcr kommerzielle Angebote verwendet werden, haben Sie das Recht, dies ohne Angabe von Gr\u00fcnden zu untersagen. Sie m\u00fcssen Ihren Antrag auf L\u00f6schung schriftlich per E-Mail oder Post an den Datenverantwortlichen unter den im Impressum angegebenen Kontaktdaten senden.<\/p><h5><b>Schutz personenbezogener Daten von Minderj\u00e4hrigen und Personen mit eingeschr\u00e4nkter Rechtsf\u00e4higkeit<\/b><\/h5><p><b>P\u00e1link\u00e1s Zsolt<\/b>\u00a0Der Inhalt unserer Website und unserer Ver\u00f6ffentlichungen ist grunds\u00e4tzlich nicht f\u00fcr Minderj\u00e4hrige unter 13 Jahren bestimmt. Wir verarbeiten oder erheben keine personenbezogenen Daten von Kindern unter 13 Jahren ohne nachweisliche Zustimmung der Eltern oder Erziehungsberechtigten. Eltern oder Erziehungsberechtigte k\u00f6nnen die Offenlegung oder L\u00f6schung von Daten ihres Kindes verlangen. Wird dem Datenverantwortlichen im Rahmen der Datenverwaltung oder -verarbeitung das Alter des Kindes bekannt, k\u00f6nnen die Daten zum Zweck der Einholung der elterlichen Zustimmung verwendet werden.<\/p><p>Die Zustimmung eines gesetzlichen Vertreters ist erforderlich f\u00fcr Erkl\u00e4rungen von Minderj\u00e4hrigen, die gesch\u00e4ftsunf\u00e4hig oder beschr\u00e4nkt gesch\u00e4ftsf\u00e4hig sind, mit Ausnahme von Dienstleistungen, die im Alltag \u00fcblicherweise zu Registrierungszwecken genutzt werden und keine besondere Ber\u00fccksichtigung erfordern.<\/p><h5><b>Cookie-Verwaltung<\/b><\/h5><p>Weitere Informationen dar\u00fcber, wie wir mit Cookies umgehen, finden Sie in unserer Cookie-Richtlinie.<\/p><h5><b>Konzepte<\/b><\/h5><ul><li aria-level=\"1\"><b>Datenverarbeiter:\u00a0<\/b>nat\u00fcrliche oder juristische Person, Beh\u00f6rde, Einrichtung oder jede andere Stelle, die personenbezogene Daten im Auftrag des f\u00fcr die Verarbeitung Verantwortlichen verarbeitet<\/li><li aria-level=\"1\"><b>Datenverarbeitung:\u00a0<\/b>jeder mit oder ohne Hilfe automatisierter Verfahren ausgef\u00fchrte Vorgang oder jede solche Vorgangsreihe im Zusammenhang mit personenbezogenen Daten wie das Erheben, das Erfassen, die Organisation, das Ordnen, die Speicherung, die Anpassung oder Ver\u00e4nderung, das Auslesen, das Abfragen, die Verwendung, die Offenlegung durch \u00dcbermittlung, Verbreitung oder eine andere Form der Bereitstellung, den Abgleich oder die Verkn\u00fcpfung, die Einschr\u00e4nkung, das L\u00f6schen oder die Vernichtung. andere Mittel der Bereitstellung, Abgleich, Verkn\u00fcpfung, Einschr\u00e4nkung, L\u00f6schung, Vernichtung<\/li><li aria-level=\"1\"><b>Bedingungen f\u00fcr die Daten\u00fcbertragung<\/b>\u00a0Weitergabe der vom Datenverantwortlichen verarbeiteten personenbezogenen Daten an Dritte<\/li><li aria-level=\"1\"><b>Datenschutzvorfall:\u00a0<\/b>eine Sicherheitsverletzung, die zur versehentlichen oder unrechtm\u00e4\u00dfigen Vernichtung, zum Verlust, zur Ver\u00e4nderung, zur unbefugten Offenlegung oder zum unbefugten Zugriff auf \u00fcbermittelte, gespeicherte oder anderweitig verarbeitete personenbezogene Daten f\u00fchrt<\/li><li aria-level=\"1\"><b>AGB<\/b>: die auf der Website ver\u00f6ffentlichten Allgemeinen Gesch\u00e4ftsbedingungen, in denen die Regeln des Datenverantwortlichen f\u00fcr den Verkauf von Produkten und Dienstleistungen festgelegt sind.<\/li><li aria-level=\"1\"><b>Identifizierbare nat\u00fcrliche Person:<\/b>\u00a0eine nat\u00fcrliche Person, die direkt oder indirekt anhand einer Kennung wie einem Namen, einer Identifikationsnummer, Standortdaten, einer Online-Kennung oder einem oder mehreren Faktoren identifiziert werden kann, die f\u00fcr die physische, physiologische, genetische, mentale, wirtschaftliche, kulturelle oder soziale Identit\u00e4t dieser nat\u00fcrlichen Person spezifisch sind<\/li><li aria-level=\"1\"><b>An:<\/b>\u00a0nat\u00fcrliche oder juristische Person, Beh\u00f6rde, Einrichtung oder jede andere Stelle, die personenbezogene Daten im Auftrag des f\u00fcr die Verarbeitung Verantwortlichen verarbeitet<\/li><li aria-level=\"1\"><b>Einwilligung der betroffenen Person:<\/b>\u00a0die freiwillige, spezifische, informierte und eindeutige Willensbekundung der betroffenen Person, mit der sie durch eine Erkl\u00e4rung oder eine eindeutige best\u00e4tigende Handlung ihr Einverst\u00e4ndnis zur Verarbeitung der sie betreffenden personenbezogenen Daten gibt<\/li><li aria-level=\"1\"><b>Betroffen:<\/b>\u00a0jede nat\u00fcrliche Person, die anhand von Informationen identifiziert oder identifizierbar ist<\/li><li aria-level=\"1\"><b>Benutzer:<\/b>\u00a0Besucher der vom Datenverantwortlichen betriebenen Website http:\/\/www.palinkaschef.hu und anderer Websites, die unter den dort angegebenen Adressen verf\u00fcgbar sind<\/li><li aria-level=\"1\"><b>Dritte Partei:<\/b>\u00a0eine nat\u00fcrliche oder juristische Person, Beh\u00f6rde, Einrichtung oder jede andere Stelle au\u00dfer der betroffenen Person, dem Verantwortlichen, dem Auftragsverarbeiter und den Personen, die unter der unmittelbaren Aufsicht des Verantwortlichen oder des Auftragsverarbeiters befugt sind, personenbezogene Daten zu verarbeiten<\/li><li aria-level=\"1\"><b>Beh\u00f6rde:\u00a0<\/b>Nationale Beh\u00f6rde f\u00fcr Datenschutz und Informationsfreiheit (Sitz: 1125 Budapest, Szil\u00e1gyi Erzs\u00e9bet fasor 22\/c., Telefon: 06-1 391-1400, Fax: 06-1 391-1410, E-Mail: ugyfelszolgalat@naih.hu, Website: naih.hu)<\/li><li aria-level=\"1\"><b>Partner\/Kunde:<\/b>\u00a0eine nat\u00fcrliche Person, die au\u00dferhalb einer Website einen Vertrag mit dem Datenverantwortlichen \u00fcber den Verkauf von Produkten oder die Erbringung von Dienstleistungen abschlie\u00dft<\/li><li aria-level=\"1\"><b>Anmeldung:\u00a0<\/b>Erfassung der personenbezogenen Daten von Website-Nutzern, die zur Erstellung von Benutzerkonten verwendet werden<\/li><li aria-level=\"1\"><b>Personenbezogene Daten:<\/b>\u00a0alle Informationen, die sich auf die betroffene Person beziehen<\/li><li aria-level=\"1\"><b>Dienstleistung:\u00a0<\/b>Produktverk\u00e4ufe und andere Dienstleistungen, die der Datenverantwortliche seinen Kunden, Partnern und Nutzern auf der Website oder auf andere Weise anbietet, wie in den AGB n\u00e4her beschrieben.<\/li><li aria-level=\"1\"><b>Website:<\/b>\u00a0betrieben vom Datenverantwortlichen,\u00a0<b>Zsolt P\u00e1link\u00e1s, Einzelunternehmer\u00a0<\/b>und seine Websites, die unter anderen darin angegebenen Adressen verf\u00fcgbar sind<\/li><\/ul>\t\t\t\t\t\t\t\t<\/div>\n\t\t\t\t<\/div>\n\t\t\t\t\t<\/div>\n\t\t\t\t<\/div>\n\t\t\t\t<\/div>","protected":false},"excerpt":{"rendered":"<p>Adatkezel\u00e9si t\u00e1j\u00e9koztat\u00f3 Az \u00d6n \u00e1ltal megadott szem\u00e9lyes adatokat kezeli: P\u00e1link\u00e1s Zsolt egy\u00e9ni v\u00e1llalkoz\u00f3 Sz\u00e9khely: 1203 Budapest, Lajtha L\u00e1szl\u00f3 utca 1. 6\/39. Mag\u00e1nszem\u00e9ly, egy\u00e9ni v\u00e1llalkoz\u00e1s eset\u00e9n: Ad\u00f3sz\u00e1m:\u00a0 58104141-2-43 Nyilv\u00e1ntart\u00e1sba bejegyz\u0151 b\u00edr\u00f3s\u00e1g:Budapest Kereskedelmi \u00e9s Iparkamara\u00a0 T\u00f6rv\u00e9nysz\u00e9k C\u00e9gb\u00edr\u00f3s\u00e1ga \u2013 a tov\u00e1bbiakban:\u00a0Adatkezel\u0151. K\u00e9rj\u00fck, figyelmesen olvassa el jelen adatkezel\u00e9si t\u00e1j\u00e9koztat\u00f3nkat (a tov\u00e1bbiakban:\u00a0T\u00e1j\u00e9koztat\u00f3), melyben szem\u00e9lyes adatai kezel\u00e9s\u00e9t \u00e9rint\u0151 gyakorlatunkat ismertetj\u00fck az [&hellip;]<\/p>","protected":false},"author":1,"featured_media":12,"parent":0,"menu_order":0,"comment_status":"closed","ping_status":"open","template":"elementor_header_footer","meta":{"site-sidebar-layout":"default","site-content-layout":"","ast-site-content-layout":"default","site-content-style":"default","site-sidebar-style":"default","ast-global-header-display":"","ast-banner-title-visibility":"","ast-main-header-display":"","ast-hfb-above-header-display":"","ast-hfb-below-header-display":"","ast-hfb-mobile-header-display":"","site-post-title":"","ast-breadcrumbs-content":"","ast-featured-img":"","footer-sml-layout":"","ast-disable-related-posts":"","theme-transparent-header-meta":"","adv-header-id-meta":"","stick-header-meta":"","header-above-stick-meta":"","header-main-stick-meta":"","header-below-stick-meta":"","astra-migrate-meta-layouts":"set","ast-page-background-enabled":"default","ast-page-background-meta":{"desktop":{"background-color":"","background-image":"","background-repeat":"repeat","background-position":"center center","background-size":"auto","background-attachment":"scroll","background-type":"","background-media":"","overlay-type":"","overlay-color":"","overlay-opacity":"","overlay-gradient":""},"tablet":{"background-color":"","background-image":"","background-repeat":"repeat","background-position":"center center","background-size":"auto","background-attachment":"scroll","background-type":"","background-media":"","overlay-type":"","overlay-color":"","overlay-opacity":"","overlay-gradient":""},"mobile":{"background-color":"","background-image":"","background-repeat":"repeat","background-position":"center center","background-size":"auto","background-attachment":"scroll","background-type":"","background-media":"","overlay-type":"","overlay-color":"","overlay-opacity":"","overlay-gradient":""}},"ast-content-background-meta":{"desktop":{"background-color":"var(--ast-global-color-5)","background-image":"","background-repeat":"repeat","background-position":"center center","background-size":"auto","background-attachment":"scroll","background-type":"","background-media":"","overlay-type":"","overlay-color":"","overlay-opacity":"","overlay-gradient":""},"tablet":{"background-color":"var(--ast-global-color-5)","background-image":"","background-repeat":"repeat","background-position":"center center","background-size":"auto","background-attachment":"scroll","background-type":"","background-media":"","overlay-type":"","overlay-color":"","overlay-opacity":"","overlay-gradient":""},"mobile":{"background-color":"var(--ast-global-color-5)","background-image":"","background-repeat":"repeat","background-position":"center center","background-size":"auto","background-attachment":"scroll","background-type":"","background-media":"","overlay-type":"","overlay-color":"","overlay-opacity":"","overlay-gradient":""}},"footnotes":""},"class_list":["post-3","page","type-page","status-publish","has-post-thumbnail","hentry"],"yoast_head":"<!-- This site is optimized with the Yoast SEO Premium plugin v26.9 (Yoast SEO v26.9) - https:\/\/yoast.com\/product\/yoast-seo-premium-wordpress\/ -->\n<title>Adatkezel\u00e9si t\u00e1j\u00e9koztat\u00f3 - P\u00e1link\u00e1s Chef<\/title>\n<meta name=\"description\" content=\"A palinkaschef.hu oldallal kapcsolatos adatkezel\u00e9si t\u00e1j\u00e9koztat\u00f3 szint\u00e9n fontos, hogy a nekem magadott el\u00e9rhet\u0151s\u00e9geidet diszkr\u00e9ten kezelem.\" \/>\n<meta name=\"robots\" content=\"index, follow, max-snippet:-1, max-image-preview:large, max-video-preview:-1\" \/>\n<link rel=\"canonical\" href=\"https:\/\/palinkaschef.hu\/de\/adatkezelesi-tajekoztato\/\" \/>\n<meta property=\"og:locale\" content=\"de_DE\" \/>\n<meta property=\"og:type\" content=\"article\" \/>\n<meta property=\"og:title\" content=\"Adatkezel\u00e9si t\u00e1j\u00e9koztat\u00f3\" \/>\n<meta property=\"og:description\" content=\"A palinkaschef.hu oldallal kapcsolatos adatkezel\u00e9si t\u00e1j\u00e9koztat\u00f3 szint\u00e9n fontos, hogy a nekem magadott el\u00e9rhet\u0151s\u00e9geidet diszkr\u00e9ten kezelem.\" \/>\n<meta property=\"og:url\" content=\"https:\/\/palinkaschef.hu\/de\/adatkezelesi-tajekoztato\/\" \/>\n<meta property=\"og:site_name\" content=\"P\u00e1link\u00e1s Chef\" \/>\n<meta property=\"article:modified_time\" content=\"2025-09-19T08:52:10+00:00\" \/>\n<meta property=\"og:image\" content=\"https:\/\/palinkaschef.hu\/wp-content\/uploads\/2025\/08\/palinkaschef.hu_.png\" \/>\n\t<meta property=\"og:image:width\" content=\"1080\" \/>\n\t<meta property=\"og:image:height\" content=\"1080\" \/>\n\t<meta property=\"og:image:type\" content=\"image\/png\" \/>\n<meta name=\"twitter:card\" content=\"summary_large_image\" \/>\n<meta name=\"twitter:label1\" content=\"Gesch\u00e4tzte Lesezeit\" \/>\n\t<meta name=\"twitter:data1\" content=\"8\u00a0Minuten\" \/>\n<script type=\"application\/ld+json\" class=\"yoast-schema-graph\">{\"@context\":\"https:\/\/schema.org\",\"@graph\":[{\"@type\":\"WebPage\",\"@id\":\"https:\/\/palinkaschef.hu\/adatkezelesi-tajekoztato\/\",\"url\":\"https:\/\/palinkaschef.hu\/adatkezelesi-tajekoztato\/\",\"name\":\"Adatkezel\u00e9si t\u00e1j\u00e9koztat\u00f3 - P\u00e1link\u00e1s Chef\",\"isPartOf\":{\"@id\":\"https:\/\/palinkaschef.hu\/#website\"},\"primaryImageOfPage\":{\"@id\":\"https:\/\/palinkaschef.hu\/adatkezelesi-tajekoztato\/#primaryimage\"},\"image\":{\"@id\":\"https:\/\/palinkaschef.hu\/adatkezelesi-tajekoztato\/#primaryimage\"},\"thumbnailUrl\":\"https:\/\/palinkaschef.hu\/wp-content\/uploads\/2025\/08\/palinkaschef.hu_.png\",\"datePublished\":\"2025-07-30T19:56:55+00:00\",\"dateModified\":\"2025-09-19T08:52:10+00:00\",\"description\":\"A palinkaschef.hu oldallal kapcsolatos adatkezel\u00e9si t\u00e1j\u00e9koztat\u00f3 szint\u00e9n fontos, hogy a nekem magadott el\u00e9rhet\u0151s\u00e9geidet diszkr\u00e9ten kezelem.\",\"breadcrumb\":{\"@id\":\"https:\/\/palinkaschef.hu\/adatkezelesi-tajekoztato\/#breadcrumb\"},\"inLanguage\":\"de\",\"potentialAction\":[{\"@type\":\"ReadAction\",\"target\":[\"https:\/\/palinkaschef.hu\/adatkezelesi-tajekoztato\/\"]}]},{\"@type\":\"ImageObject\",\"inLanguage\":\"de\",\"@id\":\"https:\/\/palinkaschef.hu\/adatkezelesi-tajekoztato\/#primaryimage\",\"url\":\"https:\/\/palinkaschef.hu\/wp-content\/uploads\/2025\/08\/palinkaschef.hu_.png\",\"contentUrl\":\"https:\/\/palinkaschef.hu\/wp-content\/uploads\/2025\/08\/palinkaschef.hu_.png\",\"width\":1080,\"height\":1080,\"caption\":\"c\u00e9ges rendezv\u00e9ny priv\u00e1t s\u00e9ffel k\u00fcl\u00f6nleges vacsora \u00e9lm\u00e9ny sommelier szolg\u00e1ltat\u00e1s felszolg\u00e1l\u00e1s priv\u00e1t vacsor\u00e1hoz otthoni borvacsora gasztron\u00f3miai show s\u00e9ffel\"},{\"@type\":\"BreadcrumbList\",\"@id\":\"https:\/\/palinkaschef.hu\/adatkezelesi-tajekoztato\/#breadcrumb\",\"itemListElement\":[{\"@type\":\"ListItem\",\"position\":1,\"name\":\"Kezd\u0151lap\",\"item\":\"https:\/\/palinkaschef.hu\/\"},{\"@type\":\"ListItem\",\"position\":2,\"name\":\"Adatkezel\u00e9si t\u00e1j\u00e9koztat\u00f3\"}]},{\"@type\":\"WebSite\",\"@id\":\"https:\/\/palinkaschef.hu\/#website\",\"url\":\"https:\/\/palinkaschef.hu\/\",\"name\":\"P\u00e1link\u00e1s Chef\",\"description\":\"Priv\u00e1t Chef\",\"publisher\":{\"@id\":\"https:\/\/palinkaschef.hu\/#organization\"},\"potentialAction\":[{\"@type\":\"SearchAction\",\"target\":{\"@type\":\"EntryPoint\",\"urlTemplate\":\"https:\/\/palinkaschef.hu\/?s={search_term_string}\"},\"query-input\":{\"@type\":\"PropertyValueSpecification\",\"valueRequired\":true,\"valueName\":\"search_term_string\"}}],\"inLanguage\":\"de\"},{\"@type\":\"Organization\",\"@id\":\"https:\/\/palinkaschef.hu\/#organization\",\"name\":\"P\u00e1link\u00e1s Chef\",\"url\":\"https:\/\/palinkaschef.hu\/\",\"logo\":{\"@type\":\"ImageObject\",\"inLanguage\":\"de\",\"@id\":\"https:\/\/palinkaschef.hu\/#\/schema\/logo\/image\/\",\"url\":\"https:\/\/palinkaschef.hu\/wp-content\/uploads\/2025\/08\/palinkaschef.hu_.png\",\"contentUrl\":\"https:\/\/palinkaschef.hu\/wp-content\/uploads\/2025\/08\/palinkaschef.hu_.png\",\"width\":1080,\"height\":1080,\"caption\":\"P\u00e1link\u00e1s Chef\"},\"image\":{\"@id\":\"https:\/\/palinkaschef.hu\/#\/schema\/logo\/image\/\"}}]}<\/script>\n<!-- \/ Yoast SEO Premium plugin. -->","yoast_head_json":{"title":"Adatkezel\u00e9si t\u00e1j\u00e9koztat\u00f3 - P\u00e1link\u00e1s Chef","description":"A palinkaschef.hu oldallal kapcsolatos adatkezel\u00e9si t\u00e1j\u00e9koztat\u00f3 szint\u00e9n fontos, hogy a nekem magadott el\u00e9rhet\u0151s\u00e9geidet diszkr\u00e9ten kezelem.","robots":{"index":"index","follow":"follow","max-snippet":"max-snippet:-1","max-image-preview":"max-image-preview:large","max-video-preview":"max-video-preview:-1"},"canonical":"https:\/\/palinkaschef.hu\/de\/adatkezelesi-tajekoztato\/","og_locale":"de_DE","og_type":"article","og_title":"Adatkezel\u00e9si t\u00e1j\u00e9koztat\u00f3","og_description":"A palinkaschef.hu oldallal kapcsolatos adatkezel\u00e9si t\u00e1j\u00e9koztat\u00f3 szint\u00e9n fontos, hogy a nekem magadott el\u00e9rhet\u0151s\u00e9geidet diszkr\u00e9ten kezelem.","og_url":"https:\/\/palinkaschef.hu\/de\/adatkezelesi-tajekoztato\/","og_site_name":"P\u00e1link\u00e1s Chef","article_modified_time":"2025-09-19T08:52:10+00:00","og_image":[{"width":1080,"height":1080,"url":"https:\/\/palinkaschef.hu\/wp-content\/uploads\/2025\/08\/palinkaschef.hu_.png","type":"image\/png"}],"twitter_card":"summary_large_image","twitter_misc":{"Gesch\u00e4tzte Lesezeit":"8\u00a0Minuten"},"schema":{"@context":"https:\/\/schema.org","@graph":[{"@type":"WebPage","@id":"https:\/\/palinkaschef.hu\/adatkezelesi-tajekoztato\/","url":"https:\/\/palinkaschef.hu\/adatkezelesi-tajekoztato\/","name":"Adatkezel\u00e9si t\u00e1j\u00e9koztat\u00f3 - P\u00e1link\u00e1s Chef","isPartOf":{"@id":"https:\/\/palinkaschef.hu\/#website"},"primaryImageOfPage":{"@id":"https:\/\/palinkaschef.hu\/adatkezelesi-tajekoztato\/#primaryimage"},"image":{"@id":"https:\/\/palinkaschef.hu\/adatkezelesi-tajekoztato\/#primaryimage"},"thumbnailUrl":"https:\/\/palinkaschef.hu\/wp-content\/uploads\/2025\/08\/palinkaschef.hu_.png","datePublished":"2025-07-30T19:56:55+00:00","dateModified":"2025-09-19T08:52:10+00:00","description":"A palinkaschef.hu oldallal kapcsolatos adatkezel\u00e9si t\u00e1j\u00e9koztat\u00f3 szint\u00e9n fontos, hogy a nekem magadott el\u00e9rhet\u0151s\u00e9geidet diszkr\u00e9ten kezelem.","breadcrumb":{"@id":"https:\/\/palinkaschef.hu\/adatkezelesi-tajekoztato\/#breadcrumb"},"inLanguage":"de","potentialAction":[{"@type":"ReadAction","target":["https:\/\/palinkaschef.hu\/adatkezelesi-tajekoztato\/"]}]},{"@type":"ImageObject","inLanguage":"de","@id":"https:\/\/palinkaschef.hu\/adatkezelesi-tajekoztato\/#primaryimage","url":"https:\/\/palinkaschef.hu\/wp-content\/uploads\/2025\/08\/palinkaschef.hu_.png","contentUrl":"https:\/\/palinkaschef.hu\/wp-content\/uploads\/2025\/08\/palinkaschef.hu_.png","width":1080,"height":1080,"caption":"c\u00e9ges rendezv\u00e9ny priv\u00e1t s\u00e9ffel k\u00fcl\u00f6nleges vacsora \u00e9lm\u00e9ny sommelier szolg\u00e1ltat\u00e1s felszolg\u00e1l\u00e1s priv\u00e1t vacsor\u00e1hoz otthoni borvacsora gasztron\u00f3miai show s\u00e9ffel"},{"@type":"BreadcrumbList","@id":"https:\/\/palinkaschef.hu\/adatkezelesi-tajekoztato\/#breadcrumb","itemListElement":[{"@type":"ListItem","position":1,"name":"Kezd\u0151lap","item":"https:\/\/palinkaschef.hu\/"},{"@type":"ListItem","position":2,"name":"Adatkezel\u00e9si t\u00e1j\u00e9koztat\u00f3"}]},{"@type":"WebSite","@id":"https:\/\/palinkaschef.hu\/#website","url":"https:\/\/palinkaschef.hu\/","name":"P\u00e1link\u00e1s Chef","description":"Priv\u00e1t Chef","publisher":{"@id":"https:\/\/palinkaschef.hu\/#organization"},"potentialAction":[{"@type":"SearchAction","target":{"@type":"EntryPoint","urlTemplate":"https:\/\/palinkaschef.hu\/?s={search_term_string}"},"query-input":{"@type":"PropertyValueSpecification","valueRequired":true,"valueName":"search_term_string"}}],"inLanguage":"de"},{"@type":"Organization","@id":"https:\/\/palinkaschef.hu\/#organization","name":"P\u00e1link\u00e1s Chef","url":"https:\/\/palinkaschef.hu\/","logo":{"@type":"ImageObject","inLanguage":"de","@id":"https:\/\/palinkaschef.hu\/#\/schema\/logo\/image\/","url":"https:\/\/palinkaschef.hu\/wp-content\/uploads\/2025\/08\/palinkaschef.hu_.png","contentUrl":"https:\/\/palinkaschef.hu\/wp-content\/uploads\/2025\/08\/palinkaschef.hu_.png","width":1080,"height":1080,"caption":"P\u00e1link\u00e1s Chef"},"image":{"@id":"https:\/\/palinkaschef.hu\/#\/schema\/logo\/image\/"}}]}},"_links":{"self":[{"href":"https:\/\/palinkaschef.hu\/de\/wp-json\/wp\/v2\/pages\/3","targetHints":{"allow":["GET"]}}],"collection":[{"href":"https:\/\/palinkaschef.hu\/de\/wp-json\/wp\/v2\/pages"}],"about":[{"href":"https:\/\/palinkaschef.hu\/de\/wp-json\/wp\/v2\/types\/page"}],"author":[{"embeddable":true,"href":"https:\/\/palinkaschef.hu\/de\/wp-json\/wp\/v2\/users\/1"}],"replies":[{"embeddable":true,"href":"https:\/\/palinkaschef.hu\/de\/wp-json\/wp\/v2\/comments?post=3"}],"version-history":[{"count":19,"href":"https:\/\/palinkaschef.hu\/de\/wp-json\/wp\/v2\/pages\/3\/revisions"}],"predecessor-version":[{"id":1743,"href":"https:\/\/palinkaschef.hu\/de\/wp-json\/wp\/v2\/pages\/3\/revisions\/1743"}],"wp:featuredmedia":[{"embeddable":true,"href":"https:\/\/palinkaschef.hu\/de\/wp-json\/wp\/v2\/media\/12"}],"wp:attachment":[{"href":"https:\/\/palinkaschef.hu\/de\/wp-json\/wp\/v2\/media?parent=3"}],"curies":[{"name":"wp","href":"https:\/\/api.w.org\/{rel}","templated":true}]}}